{"id":4968,"date":"2026-03-03T11:32:20","date_gmt":"2026-03-03T16:32:20","guid":{"rendered":"https:\/\/csdcab.tondesign.ca\/?page_id=4968"},"modified":"2026-03-03T11:32:27","modified_gmt":"2026-03-03T16:32:27","slug":"francophonie-catholicite","status":"publish","type":"page","link":"https:\/\/csdcab.ca\/en\/education\/francophonie-catholicite\/","title":{"rendered":"Francophonie et catholicit\u00e9"},"content":{"rendered":"\t\t<div data-elementor-type=\"wp-page\" data-elementor-id=\"4968\" class=\"elementor elementor-4968\" data-elementor-post-type=\"page\">\n\t\t\t\t\t\t<section class=\"elementor-section elementor-top-section elementor-element elementor-element-09eda5e elementor-section-boxed elementor-section-height-default elementor-section-height-default\" data-id=\"09eda5e\" data-element_type=\"section\" data-e-type=\"section\" data-settings=\"{&quot;jet_parallax_layout_list&quot;:[]}\">\n\t\t\t\t\t\t<div class=\"elementor-container elementor-column-gap-default\">\n\t\t\t\t\t<div class=\"elementor-column elementor-col-100 elementor-top-column elementor-element elementor-element-4c0cc443\" data-id=\"4c0cc443\" data-element_type=\"column\" data-e-type=\"column\" data-settings=\"{&quot;background_background&quot;:&quot;classic&quot;}\">\n\t\t\t<div class=\"elementor-widget-wrap elementor-element-populated\">\n\t\t\t\t\t\t<div class=\"elementor-element elementor-element-174f92b0 elementor-widget elementor-widget-spacer\" data-id=\"174f92b0\" data-element_type=\"widget\" data-e-type=\"widget\" data-widget_type=\"spacer.default\">\n\t\t\t\t<div class=\"elementor-widget-container\">\n\t\t\t\t\t\t\t<div class=\"elementor-spacer\">\n\t\t\t<div class=\"elementor-spacer-inner\"><\/div>\n\t\t<\/div>\n\t\t\t\t\t\t<\/div>\n\t\t\t\t<\/div>\n\t\t\t\t\t<\/div>\n\t\t<\/div>\n\t\t\t\t\t<\/div>\n\t\t<\/section>\n\t\t\t\t<section class=\"elementor-section elementor-top-section elementor-element elementor-element-481c65b2 elementor-section-boxed elementor-section-height-default elementor-section-height-default\" data-id=\"481c65b2\" data-element_type=\"section\" data-e-type=\"section\" data-settings=\"{&quot;jet_parallax_layout_list&quot;:[{&quot;jet_parallax_layout_image&quot;:{&quot;url&quot;:&quot;&quot;,&quot;id&quot;:&quot;&quot;,&quot;size&quot;:&quot;&quot;},&quot;_id&quot;:&quot;0f122b3&quot;,&quot;jet_parallax_layout_image_tablet&quot;:{&quot;url&quot;:&quot;&quot;,&quot;id&quot;:&quot;&quot;,&quot;size&quot;:&quot;&quot;},&quot;jet_parallax_layout_image_mobile&quot;:{&quot;url&quot;:&quot;&quot;,&quot;id&quot;:&quot;&quot;,&quot;size&quot;:&quot;&quot;},&quot;jet_parallax_layout_speed&quot;:{&quot;unit&quot;:&quot;%&quot;,&quot;size&quot;:50,&quot;sizes&quot;:[]},&quot;jet_parallax_layout_type&quot;:&quot;scroll&quot;,&quot;jet_parallax_layout_direction&quot;:&quot;1&quot;,&quot;jet_parallax_layout_fx_direction&quot;:null,&quot;jet_parallax_layout_z_index&quot;:&quot;&quot;,&quot;jet_parallax_layout_bg_x&quot;:50,&quot;jet_parallax_layout_bg_x_tablet&quot;:&quot;&quot;,&quot;jet_parallax_layout_bg_x_mobile&quot;:&quot;&quot;,&quot;jet_parallax_layout_bg_y&quot;:50,&quot;jet_parallax_layout_bg_y_tablet&quot;:&quot;&quot;,&quot;jet_parallax_layout_bg_y_mobile&quot;:&quot;&quot;,&quot;jet_parallax_layout_bg_size&quot;:&quot;auto&quot;,&quot;jet_parallax_layout_bg_size_tablet&quot;:&quot;&quot;,&quot;jet_parallax_layout_bg_size_mobile&quot;:&quot;&quot;,&quot;jet_parallax_layout_animation_prop&quot;:&quot;transform&quot;,&quot;jet_parallax_layout_on&quot;:[&quot;desktop&quot;,&quot;tablet&quot;]}]}\">\n\t\t\t\t\t\t<div class=\"elementor-container elementor-column-gap-no\">\n\t\t\t\t\t<div class=\"elementor-column elementor-col-100 elementor-top-column elementor-element elementor-element-678e057a\" data-id=\"678e057a\" data-element_type=\"column\" data-e-type=\"column\">\n\t\t\t<div class=\"elementor-widget-wrap elementor-element-populated\">\n\t\t\t\t\t\t<div class=\"elementor-element elementor-element-267e3d2 elementor-widget elementor-widget-heading\" data-id=\"267e3d2\" data-element_type=\"widget\" data-e-type=\"widget\" data-widget_type=\"heading.default\">\n\t\t\t\t<div class=\"elementor-widget-container\">\n\t\t\t\t\t<h2 class=\"elementor-heading-title elementor-size-default\"><strong style=\"letter-spacing: 0px;text-align: inherit\">La francophonie au c\u0153ur de notre mission<\/strong><\/h2>\t\t\t\t<\/div>\n\t\t\t\t<\/div>\n\t\t\t\t<div class=\"elementor-element elementor-element-49f9a4fb elementor-widget elementor-widget-text-editor\" data-id=\"49f9a4fb\" data-element_type=\"widget\" data-e-type=\"widget\" data-widget_type=\"text-editor.default\">\n\t\t\t\t<div class=\"elementor-widget-container\">\n\t\t\t\t\t\t\t\t\t<p>Au Conseil scolaire de district catholique des Aurores bor\u00e9ales, la francophonie est bien plus qu\u2019une langue d\u2019enseignement\u202f: elle est une culture vivante, un h\u00e9ritage \u00e0 transmettre et une source de fiert\u00e9 au quotidien. Nous offrons \u00e0 chaque \u00e9l\u00e8ve un environnement o\u00f9 le fran\u00e7ais est authentique, valoris\u00e9 et porteur de sens, favorisant \u00e0 la fois la r\u00e9ussite scolaire, la construction identitaire et le sentiment d\u2019appartenance \u00e0 la francophonie locale, provinciale et canadienne.<\/p><p>\u00c0 travers des exp\u00e9riences riches et signifiantes, nos \u00e9l\u00e8ves d\u00e9couvrent le plaisir de parler, cr\u00e9er et vivre en fran\u00e7ais \u00e0 l\u2019\u00e9cole comme dans leur communaut\u00e9. Nous les accompagnons dans le d\u00e9veloppement de leur confiance, de leur leadership et de leur engagement, tout en cultivant leur fiert\u00e9 linguistique et culturelle.<\/p><p><strong>Des exp\u00e9riences marquantes de construction identitaire<\/strong><\/p><p>Le <a href=\"https:\/\/csdcab.ca\/actualites\/le-camp-boreal-2025-un-voyage-educatif-au-coeur-de-la-culture-franco-ontarienne-et-autochtone\/\"><strong>Camp Bor\u00e9al<\/strong><\/a> offre aux \u00e9l\u00e8ves de 5<sup>e<\/sup> et 6<sup>e<\/sup> ann\u00e9e une exp\u00e9rience immersive unique au c\u0153ur de la culture franco-ontarienne. \u00c0 travers des ateliers culturels, cr\u00e9atifs, technologiques et spirituels, les jeunes vivent des moments rassembleurs qui renforcent leur identit\u00e9 francophone et leur ouverture sur le monde.<\/p><p>Le <a href=\"https:\/\/csdcab.ca\/actualites\/le-camp-leadership-une-tradition-de-construction-identitaire-depuis-1999\/\"><strong>camp de leadership<\/strong><\/a> permet aux \u00e9l\u00e8ves de 7<sup>e<\/sup> et 8<sup>e<\/sup> ann\u00e9e de d\u00e9velopper leur sens des responsabilit\u00e9s et leur r\u00f4le de leaders francophones engag\u00e9s. Dans un environnement inspirant et bienveillant, ils apprennent \u00e0 collaborer, \u00e0 s\u2019exprimer avec assurance et \u00e0 prendre leur place au sein de leur \u00e9cole, de leur conseil scolaire et de la communaut\u00e9 francophone.<\/p><p><strong>Parler fran\u00e7ais devient un jeu\u202f!<\/strong><\/p><p>Au CSDC Aurores bor\u00e9ales, le fran\u00e7ais prend vie sur sc\u00e8ne gr\u00e2ce \u00e0 notre programme de th\u00e9\u00e2tre d\u2019improvisation. De la maternelle \u00e0 la 8e ann\u00e9e, les \u00e9l\u00e8ves d\u00e9veloppent leur aisance \u00e0 l\u2019oral, leur cr\u00e9ativit\u00e9 et leur confiance en soi, tout en s\u2019amusant.<\/p><p>Par l\u2019improvisation, les jeunes apprennent \u00e0 \u00e9couter, \u00e0 respecter les id\u00e9es des autres, \u00e0 faire preuve d\u2019empathie et \u00e0 collaborer. Ce programme reconnu contribue \u00e9galement \u00e0 renforcer leur identit\u00e9 francophone et leurs habilet\u00e9s sociales et interpersonnelles.<\/p><p>L\u2019\u00e9quipe d\u2019improvisation de l\u2019ESC de La V\u00e9rendrye coup de c\u0153ur du jury au Gazou d\u2019Or 2025 (Comp\u00e9tition provinciale d\u2019improvisation de l\u2019Ontario).<\/p>\t\t\t\t\t\t\t\t<\/div>\n\t\t\t\t<\/div>\n\t\t\t\t<div class=\"elementor-element elementor-element-2886808 elementor-widget elementor-widget-gallery\" data-id=\"2886808\" data-element_type=\"widget\" data-e-type=\"widget\" data-settings=\"{&quot;lazyload&quot;:&quot;yes&quot;,&quot;gallery_layout&quot;:&quot;grid&quot;,&quot;columns&quot;:4,&quot;columns_tablet&quot;:2,&quot;columns_mobile&quot;:1,&quot;gap&quot;:{&quot;unit&quot;:&quot;px&quot;,&quot;size&quot;:10,&quot;sizes&quot;:[]},&quot;gap_tablet&quot;:{&quot;unit&quot;:&quot;px&quot;,&quot;size&quot;:10,&quot;sizes&quot;:[]},&quot;gap_mobile&quot;:{&quot;unit&quot;:&quot;px&quot;,&quot;size&quot;:10,&quot;sizes&quot;:[]},&quot;link_to&quot;:&quot;file&quot;,&quot;aspect_ratio&quot;:&quot;3:2&quot;,&quot;overlay_background&quot;:&quot;yes&quot;,&quot;content_hover_animation&quot;:&quot;fade-in&quot;}\" data-widget_type=\"gallery.default\">\n\t\t\t\t<div class=\"elementor-widget-container\">\n\t\t\t\t\t\t\t<div class=\"elementor-gallery__container\">\n\t\t\t\t\t\t\t<a class=\"e-gallery-item elementor-gallery-item elementor-animated-content\" href=\"https:\/\/csdcab.ca\/wp-content\/uploads\/2026\/03\/width_1600.jpeg\" data-elementor-open-lightbox=\"yes\" data-elementor-lightbox-slideshow=\"2886808\" data-elementor-lightbox-title=\"width_1600\" data-elementor-lightbox-description=\"\u00e9quipe impro  \u00e9cole secondaire de la verendrye de Thunder bay \" data-e-action-hash=\"#elementor-action%3Aaction%3Dlightbox%26settings%3DeyJpZCI6Mjg2NDMsInVybCI6Imh0dHBzOlwvXC9jc2RjYWIuY2FcL3dwLWNvbnRlbnRcL3VwbG9hZHNcLzIwMjZcLzAzXC93aWR0aF8xNjAwLmpwZWciLCJzbGlkZXNob3ciOiIyODg2ODA4In0%3D\">\n\t\t\t\t\t<div class=\"e-gallery-image elementor-gallery-item__image\" data-thumbnail=\"https:\/\/csdcab.ca\/wp-content\/uploads\/2026\/03\/width_1600-300x169.jpeg\" data-width=\"300\" data-height=\"169\" aria-label=\"\u00e9quipe impro \u00e9cole secondaire de la verendrye de Thunder bay\" role=\"img\" ><\/div>\n\t\t\t\t\t\t\t\t\t\t\t<div class=\"elementor-gallery-item__overlay\"><\/div>\n\t\t\t\t\t\t\t\t\t\t\t\t\t\t<\/a>\n\t\t\t\t\t\t\t<a class=\"e-gallery-item elementor-gallery-item elementor-animated-content\" href=\"https:\/\/csdcab.ca\/wp-content\/uploads\/2026\/03\/width_600.jpg\" data-elementor-open-lightbox=\"yes\" data-elementor-lightbox-slideshow=\"2886808\" data-elementor-lightbox-title=\"width_600\" data-elementor-lightbox-description=\"Eleves du CSDCAB au camp boreal\" data-e-action-hash=\"#elementor-action%3Aaction%3Dlightbox%26settings%3DeyJpZCI6Mjg2NDIsInVybCI6Imh0dHBzOlwvXC9jc2RjYWIuY2FcL3dwLWNvbnRlbnRcL3VwbG9hZHNcLzIwMjZcLzAzXC93aWR0aF82MDAuanBnIiwic2xpZGVzaG93IjoiMjg4NjgwOCJ9\">\n\t\t\t\t\t<div class=\"e-gallery-image elementor-gallery-item__image\" data-thumbnail=\"https:\/\/csdcab.ca\/wp-content\/uploads\/2026\/03\/width_600-225x300.jpg\" data-width=\"225\" data-height=\"300\" aria-label=\"Eleves du CSDCAB au camp boreal\" role=\"img\" ><\/div>\n\t\t\t\t\t\t\t\t\t\t\t<div class=\"elementor-gallery-item__overlay\"><\/div>\n\t\t\t\t\t\t\t\t\t\t\t\t\t\t<\/a>\n\t\t\t\t\t\t\t<a class=\"e-gallery-item elementor-gallery-item elementor-animated-content\" href=\"https:\/\/csdcab.ca\/wp-content\/uploads\/2026\/03\/width_1536.jpg\" data-elementor-open-lightbox=\"yes\" data-elementor-lightbox-slideshow=\"2886808\" data-elementor-lightbox-title=\"Camp Leadership 2025\" data-elementor-lightbox-description=\"Eleves du CSDCAB au camp Leadership\" data-e-action-hash=\"#elementor-action%3Aaction%3Dlightbox%26settings%3DeyJpZCI6Mjg2NDEsInVybCI6Imh0dHBzOlwvXC9jc2RjYWIuY2FcL3dwLWNvbnRlbnRcL3VwbG9hZHNcLzIwMjZcLzAzXC93aWR0aF8xNTM2LmpwZyIsInNsaWRlc2hvdyI6IjI4ODY4MDgifQ%3D%3D\">\n\t\t\t\t\t<div class=\"e-gallery-image elementor-gallery-item__image\" data-thumbnail=\"https:\/\/csdcab.ca\/wp-content\/uploads\/2026\/03\/width_1536-300x225.jpg\" data-width=\"300\" data-height=\"225\" aria-label=\"Eleves du CSDCAB au camp Leadership\" role=\"img\" ><\/div>\n\t\t\t\t\t\t\t\t\t\t\t<div class=\"elementor-gallery-item__overlay\"><\/div>\n\t\t\t\t\t\t\t\t\t\t\t\t\t\t<\/a>\n\t\t\t\t\t\t\t<a class=\"e-gallery-item elementor-gallery-item elementor-animated-content\" href=\"https:\/\/csdcab.ca\/wp-content\/uploads\/2026\/03\/width_1600.jpg\" data-elementor-open-lightbox=\"yes\" data-elementor-lightbox-slideshow=\"2886808\" data-elementor-lightbox-title=\"width_1600\" data-elementor-lightbox-description=\"Eleves du CSDCAB au camp boreal\" data-e-action-hash=\"#elementor-action%3Aaction%3Dlightbox%26settings%3DeyJpZCI6Mjg2NDAsInVybCI6Imh0dHBzOlwvXC9jc2RjYWIuY2FcL3dwLWNvbnRlbnRcL3VwbG9hZHNcLzIwMjZcLzAzXC93aWR0aF8xNjAwLmpwZyIsInNsaWRlc2hvdyI6IjI4ODY4MDgifQ%3D%3D\">\n\t\t\t\t\t<div class=\"e-gallery-image elementor-gallery-item__image\" data-thumbnail=\"https:\/\/csdcab.ca\/wp-content\/uploads\/2026\/03\/width_1600-300x225.jpg\" data-width=\"300\" data-height=\"225\" aria-label=\"Eleves du CSDCAB au camp boreal\" role=\"img\" ><\/div>\n\t\t\t\t\t\t\t\t\t\t\t<div class=\"elementor-gallery-item__overlay\"><\/div>\n\t\t\t\t\t\t\t\t\t\t\t\t\t\t<\/a>\n\t\t\t\t\t<\/div>\n\t\t\t\t\t<\/div>\n\t\t\t\t<\/div>\n\t\t\t\t<div class=\"elementor-element elementor-element-168ab8d elementor-widget elementor-widget-heading\" data-id=\"168ab8d\" data-element_type=\"widget\" data-e-type=\"widget\" data-widget_type=\"heading.default\">\n\t\t\t\t<div class=\"elementor-widget-container\">\n\t\t\t\t\t<h2 class=\"elementor-heading-title elementor-size-default\"><strong style=\"letter-spacing: 0px;text-align: inherit\">La catholicit\u00e9 : des valeurs v\u00e9cues au quotidien<\/strong><\/h2>\t\t\t\t<\/div>\n\t\t\t\t<\/div>\n\t\t\t\t\t<\/div>\n\t\t<\/div>\n\t\t\t\t\t<\/div>\n\t\t<\/section>\n\t\t\t\t<section class=\"elementor-section elementor-top-section elementor-element elementor-element-147432e elementor-section-boxed elementor-section-height-default elementor-section-height-default\" data-id=\"147432e\" data-element_type=\"section\" data-e-type=\"section\" data-settings=\"{&quot;jet_parallax_layout_list&quot;:[]}\">\n\t\t\t\t\t\t<div class=\"elementor-container elementor-column-gap-default\">\n\t\t\t\t\t<div class=\"elementor-column elementor-col-100 elementor-top-column elementor-element elementor-element-77d6205\" data-id=\"77d6205\" data-element_type=\"column\" data-e-type=\"column\">\n\t\t\t<div class=\"elementor-widget-wrap elementor-element-populated\">\n\t\t\t\t\t\t<div class=\"elementor-element elementor-element-2052bd6 elementor-widget elementor-widget-text-editor\" data-id=\"2052bd6\" data-element_type=\"widget\" data-e-type=\"widget\" data-widget_type=\"text-editor.default\">\n\t\t\t\t<div class=\"elementor-widget-container\">\n\t\t\t\t\t\t\t\t\t<h2 data-olk-copy-source=\"MessageBody\"><strong><a href=\"https:\/\/csdcab.ca\/wp-content\/uploads\/2024\/10\/Croix-emble\u0301matique-CSDCAB-2024-petite.jpg\"><img fetchpriority=\"high\" decoding=\"async\" class=\"alignleft size-medium wp-image-22699\" src=\"https:\/\/csdcab.ca\/wp-content\/uploads\/2024\/10\/Croix-emble\u0301matique-CSDCAB-2024-petite-189x300.jpg\" alt=\"La croix de notre Conseil est un symbole riche, porteur d'une profondeur \u00e0 la fois spirituelle et culturelle.\" width=\"189\" height=\"300\" srcset=\"https:\/\/csdcab.ca\/wp-content\/uploads\/2024\/10\/Croix-emble\u0301matique-CSDCAB-2024-petite-189x300.jpg 189w, https:\/\/csdcab.ca\/wp-content\/uploads\/2024\/10\/Croix-emble\u0301matique-CSDCAB-2024-petite-8x12.jpg 8w, https:\/\/csdcab.ca\/wp-content\/uploads\/2024\/10\/Croix-emble\u0301matique-CSDCAB-2024-petite-600x953.jpg 600w, https:\/\/csdcab.ca\/wp-content\/uploads\/2024\/10\/Croix-emble\u0301matique-CSDCAB-2024-petite.jpg 613w\" sizes=\"(max-width: 189px) 100vw, 189px\" \/><\/a><\/strong><\/h2><div data-olk-copy-source=\"MessageBody\"><p>Au Conseil scolaire de district catholique des Aurores bor\u00e9ales, la dimension catholique de nos \u00e9coles se traduit avant tout par un engagement envers des valeurs humaines fortes.<\/p><p>\u00a0<\/p><p>Inspir\u00e9 par la recherche, les orientations \u00e9ducatives provinciales et notre mission, nos \u00e9coles sont des milieux d\u2019apprentissage o\u00f9 le respect, l\u2019ouverture, la solidarit\u00e9 et la bienveillance guident les actions et les relations.<\/p><p>Dans un environnement accueillant, s\u00e9curitaire et inclusif, toute la communaut\u00e9 scolaire collabore pour favoriser la r\u00e9ussite et l\u2019\u00e9panouissement de chaque \u00e9l\u00e8ve.<\/p><p>Nous encourageons le d\u00e9veloppement global, tant sur les plans intellectuel, personnel, social que culturel pour que chaque \u00e9l\u00e8ve soit accompagn\u00e9 dans son cheminement, encourag\u00e9 \u00e0 r\u00e9fl\u00e9chir, \u00e0 s\u2019engager et \u00e0 contribuer positivement \u00e0 la soci\u00e9t\u00e9.<\/p><\/div>\t\t\t\t\t\t\t\t<\/div>\n\t\t\t\t<\/div>\n\t\t\t\t<div class=\"elementor-element elementor-element-4d0669c elementor-widget elementor-widget-button\" data-id=\"4d0669c\" data-element_type=\"widget\" data-e-type=\"widget\" data-widget_type=\"button.default\">\n\t\t\t\t<div class=\"elementor-widget-container\">\n\t\t\t\t\t\t\t\t\t<div class=\"elementor-button-wrapper\">\n\t\t\t\t\t<a class=\"elementor-button elementor-button-link elementor-size-sm\" href=\"https:\/\/csdcab.ca\/wp-content\/uploads\/2025\/10\/Croix-pour-le-coloriage.pdf\" target=\"_blank\">\n\t\t\t\t\t\t<span class=\"elementor-button-content-wrapper\">\n\t\t\t\t\t\t\t\t\t<span class=\"elementor-button-text\">t\u00e9l\u00e9charger la croix du conseil<\/span>\n\t\t\t\t\t<\/span>\n\t\t\t\t\t<\/a>\n\t\t\t\t<\/div>\n\t\t\t\t\t\t\t\t<\/div>\n\t\t\t\t<\/div>\n\t\t\t\t\t<\/div>\n\t\t<\/div>\n\t\t\t\t\t<\/div>\n\t\t<\/section>\n\t\t\t\t<\/div>\n\t\t","protected":false},"excerpt":{"rendered":"<p>La francophonie au c\u0153ur de notre mission Au Conseil scolaire de district catholique des Aurores bor\u00e9ales, la francophonie est bien plus qu\u2019une langue d\u2019enseignement\u202f: elle est une culture vivante, un h\u00e9ritage \u00e0 transmettre et une source de fiert\u00e9 au quotidien. Nous offrons \u00e0 chaque \u00e9l\u00e8ve un environnement o\u00f9 le fran\u00e7ais est authentique, valoris\u00e9 et porteur [&hellip;]<\/p>\n","protected":false},"author":1,"featured_media":0,"parent":198,"menu_order":1,"comment_status":"closed","ping_status":"closed","template":"elementor_header_footer","meta":{"_mc_calendar":[],"footnotes":""},"class_list":["post-4968","page","type-page","status-publish","hentry"],"yoast_head":"<!-- This site is optimized with the Yoast SEO plugin v27.4 - https:\/\/yoast.com\/product\/yoast-seo-wordpress\/ -->\n<title>Francophonie et catholicit\u00e9 - CSDC des Aurores bor\u00e9ales<\/title>\n<meta name=\"robots\" content=\"index, follow, max-snippet:-1, max-image-preview:large, max-video-preview:-1\" \/>\n<link rel=\"canonical\" href=\"https:\/\/csdcab.ca\/en\/education\/francophonie-catholicite\/\" \/>\n<meta property=\"og:locale\" content=\"en_US\" \/>\n<meta property=\"og:type\" content=\"article\" \/>\n<meta property=\"og:title\" content=\"Francophonie et catholicit\u00e9 - CSDC des Aurores bor\u00e9ales\" \/>\n<meta property=\"og:description\" content=\"La francophonie au c\u0153ur de notre mission Au Conseil scolaire de district catholique des Aurores bor\u00e9ales, la francophonie est bien plus qu\u2019une langue d\u2019enseignement\u202f: elle est une culture vivante, un h\u00e9ritage \u00e0 transmettre et une source de fiert\u00e9 au quotidien. Nous offrons \u00e0 chaque \u00e9l\u00e8ve un environnement o\u00f9 le fran\u00e7ais est authentique, valoris\u00e9 et porteur [&hellip;]\" \/>\n<meta property=\"og:url\" content=\"https:\/\/csdcab.ca\/en\/education\/francophonie-catholicite\/\" \/>\n<meta property=\"og:site_name\" content=\"CSDC des Aurores bor\u00e9ales\" \/>\n<meta property=\"article:publisher\" content=\"https:\/\/www.facebook.com\/csdcab\" \/>\n<meta property=\"article:modified_time\" content=\"2026-03-03T16:32:27+00:00\" \/>\n<meta name=\"twitter:card\" content=\"summary_large_image\" \/>\n<meta name=\"twitter:site\" content=\"@csdcab\" \/>\n<meta name=\"twitter:label1\" content=\"Est. reading time\" \/>\n\t<meta name=\"twitter:data1\" content=\"3 minutes\" \/>\n<script type=\"application\/ld+json\" class=\"yoast-schema-graph\">{\"@context\":\"https:\\\/\\\/schema.org\",\"@graph\":[{\"@type\":\"WebPage\",\"@id\":\"https:\\\/\\\/csdcab.ca\\\/education\\\/francophonie-catholicite\\\/\",\"url\":\"https:\\\/\\\/csdcab.ca\\\/education\\\/francophonie-catholicite\\\/\",\"name\":\"Francophonie et catholicit\u00e9 - CSDC des Aurores bor\u00e9ales\",\"isPartOf\":{\"@id\":\"https:\\\/\\\/csdcab.ca\\\/en\\\/#website\"},\"datePublished\":\"2026-03-03T16:32:20+00:00\",\"dateModified\":\"2026-03-03T16:32:27+00:00\",\"breadcrumb\":{\"@id\":\"https:\\\/\\\/csdcab.ca\\\/education\\\/francophonie-catholicite\\\/#breadcrumb\"},\"inLanguage\":\"en-CA\",\"potentialAction\":[{\"@type\":\"ReadAction\",\"target\":[\"https:\\\/\\\/csdcab.ca\\\/education\\\/francophonie-catholicite\\\/\"]}]},{\"@type\":\"BreadcrumbList\",\"@id\":\"https:\\\/\\\/csdcab.ca\\\/education\\\/francophonie-catholicite\\\/#breadcrumb\",\"itemListElement\":[{\"@type\":\"ListItem\",\"position\":1,\"name\":\"Accueil\",\"item\":\"https:\\\/\\\/csdcab.ca\\\/\"},{\"@type\":\"ListItem\",\"position\":2,\"name\":\"\u00c9ducation\",\"item\":\"https:\\\/\\\/csdcab.ca\\\/education\\\/\"},{\"@type\":\"ListItem\",\"position\":3,\"name\":\"Francophonie et catholicit\u00e9\"}]},{\"@type\":\"WebSite\",\"@id\":\"https:\\\/\\\/csdcab.ca\\\/en\\\/#website\",\"url\":\"https:\\\/\\\/csdcab.ca\\\/en\\\/\",\"name\":\"CSDC des Aurores bor\u00e9ales\",\"description\":\"CSDC des Aurores bor\u00e9ales\",\"publisher\":{\"@id\":\"https:\\\/\\\/csdcab.ca\\\/en\\\/#organization\"},\"potentialAction\":[{\"@type\":\"SearchAction\",\"target\":{\"@type\":\"EntryPoint\",\"urlTemplate\":\"https:\\\/\\\/csdcab.ca\\\/en\\\/?s={search_term_string}\"},\"query-input\":{\"@type\":\"PropertyValueSpecification\",\"valueRequired\":true,\"valueName\":\"search_term_string\"}}],\"inLanguage\":\"en-CA\"},{\"@type\":\"Organization\",\"@id\":\"https:\\\/\\\/csdcab.ca\\\/en\\\/#organization\",\"name\":\"CSDC des Aurores bor\u00e9ales\",\"url\":\"https:\\\/\\\/csdcab.ca\\\/en\\\/\",\"logo\":{\"@type\":\"ImageObject\",\"inLanguage\":\"en-CA\",\"@id\":\"https:\\\/\\\/csdcab.ca\\\/en\\\/#\\\/schema\\\/logo\\\/image\\\/\",\"url\":\"https:\\\/\\\/csdcab.ca\\\/wp-content\\\/uploads\\\/2021\\\/07\\\/logo_conseil.svg\",\"contentUrl\":\"https:\\\/\\\/csdcab.ca\\\/wp-content\\\/uploads\\\/2021\\\/07\\\/logo_conseil.svg\",\"width\":396.39,\"height\":107.15,\"caption\":\"CSDC des Aurores bor\u00e9ales\"},\"image\":{\"@id\":\"https:\\\/\\\/csdcab.ca\\\/en\\\/#\\\/schema\\\/logo\\\/image\\\/\"},\"sameAs\":[\"https:\\\/\\\/www.facebook.com\\\/csdcab\",\"https:\\\/\\\/x.com\\\/csdcab\",\"https:\\\/\\\/www.youtube.com\\\/channel\\\/UCTWQOPC_Kh8GvED-3AuBqZQ\"]}]}<\/script>\n<!-- \/ Yoast SEO plugin. -->","yoast_head_json":{"title":"Francophonie et catholicit\u00e9 - CSDC des Aurores bor\u00e9ales","robots":{"index":"index","follow":"follow","max-snippet":"max-snippet:-1","max-image-preview":"max-image-preview:large","max-video-preview":"max-video-preview:-1"},"canonical":"https:\/\/csdcab.ca\/en\/education\/francophonie-catholicite\/","og_locale":"en_US","og_type":"article","og_title":"Francophonie et catholicit\u00e9 - CSDC des Aurores bor\u00e9ales","og_description":"La francophonie au c\u0153ur de notre mission Au Conseil scolaire de district catholique des Aurores bor\u00e9ales, la francophonie est bien plus qu\u2019une langue d\u2019enseignement\u202f: elle est une culture vivante, un h\u00e9ritage \u00e0 transmettre et une source de fiert\u00e9 au quotidien. Nous offrons \u00e0 chaque \u00e9l\u00e8ve un environnement o\u00f9 le fran\u00e7ais est authentique, valoris\u00e9 et porteur [&hellip;]","og_url":"https:\/\/csdcab.ca\/en\/education\/francophonie-catholicite\/","og_site_name":"CSDC des Aurores bor\u00e9ales","article_publisher":"https:\/\/www.facebook.com\/csdcab","article_modified_time":"2026-03-03T16:32:27+00:00","twitter_card":"summary_large_image","twitter_site":"@csdcab","twitter_misc":{"Est. reading time":"3 minutes"},"schema":{"@context":"https:\/\/schema.org","@graph":[{"@type":"WebPage","@id":"https:\/\/csdcab.ca\/education\/francophonie-catholicite\/","url":"https:\/\/csdcab.ca\/education\/francophonie-catholicite\/","name":"Francophonie et catholicit\u00e9 - CSDC des Aurores bor\u00e9ales","isPartOf":{"@id":"https:\/\/csdcab.ca\/en\/#website"},"datePublished":"2026-03-03T16:32:20+00:00","dateModified":"2026-03-03T16:32:27+00:00","breadcrumb":{"@id":"https:\/\/csdcab.ca\/education\/francophonie-catholicite\/#breadcrumb"},"inLanguage":"en-CA","potentialAction":[{"@type":"ReadAction","target":["https:\/\/csdcab.ca\/education\/francophonie-catholicite\/"]}]},{"@type":"BreadcrumbList","@id":"https:\/\/csdcab.ca\/education\/francophonie-catholicite\/#breadcrumb","itemListElement":[{"@type":"ListItem","position":1,"name":"Accueil","item":"https:\/\/csdcab.ca\/"},{"@type":"ListItem","position":2,"name":"\u00c9ducation","item":"https:\/\/csdcab.ca\/education\/"},{"@type":"ListItem","position":3,"name":"Francophonie et catholicit\u00e9"}]},{"@type":"WebSite","@id":"https:\/\/csdcab.ca\/en\/#website","url":"https:\/\/csdcab.ca\/en\/","name":"Northern Lights CSDC","description":"Northern Lights CSDC","publisher":{"@id":"https:\/\/csdcab.ca\/en\/#organization"},"potentialAction":[{"@type":"SearchAction","target":{"@type":"EntryPoint","urlTemplate":"https:\/\/csdcab.ca\/en\/?s={search_term_string}"},"query-input":{"@type":"PropertyValueSpecification","valueRequired":true,"valueName":"search_term_string"}}],"inLanguage":"en-CA"},{"@type":"Organization","@id":"https:\/\/csdcab.ca\/en\/#organization","name":"Northern Lights CSDC","url":"https:\/\/csdcab.ca\/en\/","logo":{"@type":"ImageObject","inLanguage":"en-CA","@id":"https:\/\/csdcab.ca\/en\/#\/schema\/logo\/image\/","url":"https:\/\/csdcab.ca\/wp-content\/uploads\/2021\/07\/logo_conseil.svg","contentUrl":"https:\/\/csdcab.ca\/wp-content\/uploads\/2021\/07\/logo_conseil.svg","width":396.39,"height":107.15,"caption":"CSDC des Aurores bor\u00e9ales"},"image":{"@id":"https:\/\/csdcab.ca\/en\/#\/schema\/logo\/image\/"},"sameAs":["https:\/\/www.facebook.com\/csdcab","https:\/\/x.com\/csdcab","https:\/\/www.youtube.com\/channel\/UCTWQOPC_Kh8GvED-3AuBqZQ"]}]}},"publishpress_future_workflow_manual_trigger":{"enabledWorkflows":[]},"_links":{"self":[{"href":"https:\/\/csdcab.ca\/en\/wp-json\/wp\/v2\/pages\/4968","targetHints":{"allow":["GET"]}}],"collection":[{"href":"https:\/\/csdcab.ca\/en\/wp-json\/wp\/v2\/pages"}],"about":[{"href":"https:\/\/csdcab.ca\/en\/wp-json\/wp\/v2\/types\/page"}],"author":[{"embeddable":true,"href":"https:\/\/csdcab.ca\/en\/wp-json\/wp\/v2\/users\/1"}],"replies":[{"embeddable":true,"href":"https:\/\/csdcab.ca\/en\/wp-json\/wp\/v2\/comments?post=4968"}],"version-history":[{"count":40,"href":"https:\/\/csdcab.ca\/en\/wp-json\/wp\/v2\/pages\/4968\/revisions"}],"predecessor-version":[{"id":28691,"href":"https:\/\/csdcab.ca\/en\/wp-json\/wp\/v2\/pages\/4968\/revisions\/28691"}],"up":[{"embeddable":true,"href":"https:\/\/csdcab.ca\/en\/wp-json\/wp\/v2\/pages\/198"}],"wp:attachment":[{"href":"https:\/\/csdcab.ca\/en\/wp-json\/wp\/v2\/media?parent=4968"}],"curies":[{"name":"wp","href":"https:\/\/api.w.org\/{rel}","templated":true}]}}